{"id":253,"date":"2021-11-04T18:33:47","date_gmt":"2021-11-04T18:33:47","guid":{"rendered":"https:\/\/spherecollectiveberlin.com\/home\/"},"modified":"2025-02-05T12:06:08","modified_gmt":"2025-02-05T12:06:08","slug":"home","status":"publish","type":"page","link":"https:\/\/spherecollectiveberlin.com\/en\/","title":{"rendered":"Startseite"},"content":{"rendered":"<p>[et_pb_section fb_built=&#8221;1&#8243; admin_label=&#8221;Header&#8221; _builder_version=&#8221;4.16&#8243; background_color_gradient_direction=&#8221;90deg&#8221; background_color_gradient_start=&#8221;#fdd23a&#8221; background_color_gradient_end=&#8221;rgba(41,196,169,0)&#8221; background_image=&#8221;https:\/\/spherecollectiveberlin.com\/wp-content\/uploads\/2021\/11\/Painter-artist-65.png&#8221; background_size=&#8221;contain&#8221; background_position=&#8221;center_left&#8221; custom_padding=&#8221;||0vw||false|false&#8221; background_last_edited=&#8221;on|phone&#8221; background_color_gradient_direction_tablet=&#8221;0deg&#8221; background_color_gradient_direction_phone=&#8221;90deg&#8221; background_color_gradient_start_position_phone=&#8221;84%&#8221; global_colors_info=&#8221;{}&#8221;][et_pb_row column_structure=&#8221;1_2,1_2&#8243; _builder_version=&#8221;4.16&#8243; width=&#8221;100%&#8221; max_width=&#8221;90%&#8221; global_colors_info=&#8221;{}&#8221;][et_pb_column type=&#8221;1_2&#8243; _builder_version=&#8221;4.16&#8243; z_index=&#8221;10&#8243; global_colors_info=&#8221;{}&#8221;][et_pb_text _builder_version=&#8221;4.16&#8243; header_font=&#8221;Montserrat|800||on|||||&#8221; header_font_size=&#8221;6vw&#8221; header_line_height=&#8221;1.2em&#8221; custom_margin=&#8221;|-22vw|||false|false&#8221; custom_margin_tablet=&#8221;|0vw|||false|false&#8221; custom_margin_phone=&#8221;&#8221; custom_margin_last_edited=&#8221;on|phone&#8221; custom_padding=&#8221;20px|0px|||false|false&#8221; header_font_size_tablet=&#8221;10vw&#8221; header_font_size_phone=&#8221;10vw&#8221; header_font_size_last_edited=&#8221;on|tablet&#8221; global_colors_info=&#8221;{}&#8221;]<\/p>\n<h1>Sphere<\/h1>\n<p>&nbsp;<\/p>\n<h1>Collective<\/h1>\n<p>[\/et_pb_text][et_pb_text _builder_version=&#8221;4.16&#8243; text_font=&#8221;Merriweather||||||||&#8221; text_text_color=&#8221;#000000&#8243; text_font_size=&#8221;26px&#8221; max_width=&#8221;400px&#8221; text_font_size_tablet=&#8221;18px&#8221; text_font_size_phone=&#8221;16px&#8221; text_font_size_last_edited=&#8221;on|phone&#8221; global_colors_info=&#8221;{}&#8221;][\/et_pb_text][\/et_pb_column][et_pb_column type=&#8221;1_2&#8243; _builder_version=&#8221;4.16&#8243; background_image=&#8221;https:\/\/spherecollectiveberlin.com\/wp-content\/uploads\/2022\/03\/LOGO-Sphere.jpg&#8221; global_colors_info=&#8221;{}&#8221;][et_pb_image src=&#8221;https:\/\/spherecollectiveberlin.com\/wp-content\/uploads\/2022\/03\/no-text-black-background.jpg&#8221; title_text=&#8221;no text &#8211; black background&#8221; align=&#8221;center&#8221; _builder_version=&#8221;4.16&#8243; _module_preset=&#8221;default&#8221; max_width=&#8221;70%&#8221; custom_margin=&#8221;||||false|false&#8221; global_colors_info=&#8221;{}&#8221;][\/et_pb_image][\/et_pb_column][\/et_pb_row][\/et_pb_section][et_pb_section fb_built=&#8221;1&#8243; admin_label=&#8221;Gallery&#8221; _builder_version=&#8221;4.16&#8243; global_colors_info=&#8221;{}&#8221;][et_pb_row use_custom_gutter=&#8221;on&#8221; gutter_width=&#8221;2&#8243; _builder_version=&#8221;4.16&#8243; z_index=&#8221;10&#8243; width=&#8221;90%&#8221; max_width=&#8221;1600px&#8221; custom_margin=&#8221;-14vw||||false|false&#8221; custom_margin_tablet=&#8221;||0px||false|false&#8221; custom_margin_phone=&#8221;&#8221; custom_margin_last_edited=&#8221;on|desktop&#8221; border_color_all=&#8221;#000000&#8243; border_width_top=&#8221;5px&#8221; border_color_top=&#8221;RGBA(0,0,0,0)&#8221; border_width_bottom=&#8221;5px&#8221; global_colors_info=&#8221;{}&#8221;][et_pb_column type=&#8221;4_4&#8243; _builder_version=&#8221;4.16&#8243; global_colors_info=&#8221;{}&#8221;][\/et_pb_column][\/et_pb_row][\/et_pb_section][et_pb_section fb_built=&#8221;1&#8243; admin_label=&#8221;About&#8221; _builder_version=&#8221;4.16&#8243; custom_padding=&#8221;1px|||||&#8221; global_colors_info=&#8221;{}&#8221;][et_pb_row _builder_version=&#8221;4.16&#8243; global_colors_info=&#8221;{}&#8221;][et_pb_column type=&#8221;4_4&#8243; _builder_version=&#8221;4.16&#8243; global_colors_info=&#8221;{}&#8221;][et_pb_text _builder_version=&#8221;4.21.0&#8243; _module_preset=&#8221;2b50c5fb-9a9c-4463-ac30-7798e23dc099&#8243; locked=&#8221;off&#8221; global_colors_info=&#8221;{}&#8221;]<\/p>\n<h3>Wer sind wir?<\/h3>\n<p>[\/et_pb_text][\/et_pb_column][\/et_pb_row][et_pb_row make_equal=&#8221;on&#8221; _builder_version=&#8221;4.16&#8243; width=&#8221;100%&#8221; max_width=&#8221;60%&#8221; global_colors_info=&#8221;{}&#8221;][et_pb_column type=&#8221;4_4&#8243; _builder_version=&#8221;4.16&#8243; z_index=&#8221;10&#8243; custom_padding_tablet=&#8221;&#8221; custom_padding_phone=&#8221;&#8221; custom_padding_last_edited=&#8221;on|phone&#8221; global_colors_info=&#8221;{}&#8221;][et_pb_text _builder_version=&#8221;4.27.4&#8243; text_font_size=&#8221;16px&#8221; custom_margin=&#8221;||130px|||&#8221; hover_enabled=&#8221;0&#8243; locked=&#8221;off&#8221; global_colors_info=&#8221;{}&#8221; sticky_enabled=&#8221;0&#8243;]<\/p>\n<p style=\"text-align: justify;\"><span style=\"font-weight: 400;\">Wir als Kollektiv verstehen uns als ein generations\u00fcbergreifendes, unterst\u00fctzendes und nicht-hierarchisches Netzwerk von vier Performer:innen, Choreograf:innen und K\u00f6rperarbeiter:innen. Die Zusammenarbeit begann mit der Vision zweier B\u00fchnenst\u00fccke, die ihre gemeinsame Premiere bei ZUKUNFT TANZT 2019, einem Tanzfestival f\u00fcr junge Choreograf:innen, feierten. Dieses gemeinsame Ziel und die gegenseitige Unterst\u00fctzung f\u00fchrten zur Gr\u00fcndung des Sphere Collective.\u00a0<\/span><\/p>\n<p style=\"text-align: justify;\"><span style=\"font-weight: 400;\">Wir agieren sowohl als individuelle K\u00fcnstler:innen als auch als Gemeinschaft, die sich gegenseitig in ihren kreativen Prozessen unterst\u00fctzt. Unser Ziel ist es, ein sicheres Umfeld f\u00fcr k\u00fcnstlerischen Ausdruck und Experimente zu schaffen, in dem sowohl Raum als auch gegenseitige Aufmerksamkeit vorhanden sind. Sich sowohl umeinander als auch miteinander zu bewegen, setzt Respekt, Neugier, Reflexion und gemeinsames Erleben voraus. Gemeinsam bilden wir eine starke Einheit \u2013 eine Sph\u00e4re des Miteinanders.<\/span><\/p>\n<p style=\"text-align: justify;\"><span style=\"font-weight: 400;\">In den letzten Jahren haben wir uns in unseren Arbeiten weiterentwickelt. Durch verschiedene Formate m\u00f6chten wir diese Erfahrungen mit euch teilen. Schaut also gerne bei unseren KREATIVEN DIENSTLEISTUNGEN vorbei.<\/span><\/p>\n<p>[\/et_pb_text][et_pb_signup mailchimp_list=&#8221;elegantthemestest|1ea2bbd026&#8243; layout=&#8221;top_bottom&#8221; first_name_field=&#8221;off&#8221; last_name_field=&#8221;off&#8221; title=&#8221;Newsletter&#8221; disabled_on=&#8221;on|on|on&#8221; _builder_version=&#8221;4.15&#8243; form_field_text_color=&#8221;#000000&#8243; form_field_custom_padding=&#8221;|0px||0px|false|true&#8221; header_font=&#8221;Montserrat|700|||||||&#8221; header_text_color=&#8221;#000000&#8243; header_font_size=&#8221;36px&#8221; header_line_height=&#8221;1.8em&#8221; form_field_font=&#8221;|600||on|||||&#8221; form_field_font_size=&#8221;14px&#8221; form_field_letter_spacing=&#8221;2px&#8221; form_field_line_height=&#8221;1.6em&#8221; background_color=&#8221;#ffffff&#8221; custom_button=&#8221;on&#8221; button_text_size=&#8221;12px&#8221; button_text_color=&#8221;#ffffff&#8221; button_bg_color=&#8221;#fd6927&#8243; button_border_width=&#8221;0px&#8221; button_border_radius=&#8221;0px&#8221; button_letter_spacing=&#8221;2px&#8221; button_font=&#8221;|700||on|||||&#8221; button_custom_padding=&#8221;16px||16px||true|false&#8221; background_layout=&#8221;light&#8221; custom_margin=&#8221;||||false|false&#8221; custom_margin_tablet=&#8221;|0px|||false|false&#8221; custom_margin_phone=&#8221;&#8221; custom_margin_last_edited=&#8221;on|tablet&#8221; custom_padding=&#8221;30px|40px|30px|40px|true|true&#8221; custom_padding_tablet=&#8221;&#8221; custom_padding_phone=&#8221;20px|20px|20px|20px|true|true&#8221; custom_padding_last_edited=&#8221;on|phone&#8221; header_font_size_tablet=&#8221;26px&#8221; header_font_size_phone=&#8221;22px&#8221; header_font_size_last_edited=&#8221;on|phone&#8221; border_width_all=&#8221;6px&#8221; border_radii_fields=&#8221;on|0px|0px|0px|0px&#8221; border_width_bottom_fields=&#8221;2px&#8221; disabled=&#8221;on&#8221; global_module=&#8221;626&#8243; saved_tabs=&#8221;all&#8221; locked=&#8221;off&#8221; global_colors_info=&#8221;{}&#8221;][\/et_pb_signup][et_pb_signup mailchimp_list=&#8221;elegantthemestest|1ea2bbd026&#8243; layout=&#8221;top_bottom&#8221; first_name_field=&#8221;off&#8221; last_name_field=&#8221;off&#8221; title=&#8221;Newsletter&#8221; disabled_on=&#8221;on|on|on&#8221; _builder_version=&#8221;4.15&#8243; form_field_text_color=&#8221;#000000&#8243; form_field_custom_padding=&#8221;|0px||0px|false|true&#8221; header_font=&#8221;Montserrat|700|||||||&#8221; header_text_color=&#8221;#000000&#8243; header_font_size=&#8221;36px&#8221; header_line_height=&#8221;1.8em&#8221; form_field_font=&#8221;|600||on|||||&#8221; form_field_font_size=&#8221;14px&#8221; form_field_letter_spacing=&#8221;2px&#8221; form_field_line_height=&#8221;1.6em&#8221; background_color=&#8221;#ffffff&#8221; custom_button=&#8221;on&#8221; button_text_size=&#8221;12px&#8221; button_text_color=&#8221;#ffffff&#8221; button_bg_color=&#8221;#fd6927&#8243; button_border_width=&#8221;0px&#8221; button_border_radius=&#8221;0px&#8221; button_letter_spacing=&#8221;2px&#8221; button_font=&#8221;|700||on|||||&#8221; button_custom_padding=&#8221;16px||16px||true|false&#8221; background_layout=&#8221;light&#8221; custom_margin=&#8221;||||false|false&#8221; custom_margin_tablet=&#8221;|0px|||false|false&#8221; custom_margin_phone=&#8221;&#8221; custom_margin_last_edited=&#8221;on|tablet&#8221; custom_padding=&#8221;30px|40px|30px|40px|true|true&#8221; custom_padding_tablet=&#8221;&#8221; custom_padding_phone=&#8221;20px|20px|20px|20px|true|true&#8221; custom_padding_last_edited=&#8221;on|phone&#8221; header_font_size_tablet=&#8221;26px&#8221; header_font_size_phone=&#8221;22px&#8221; header_font_size_last_edited=&#8221;on|phone&#8221; border_width_all=&#8221;6px&#8221; border_radii_fields=&#8221;on|0px|0px|0px|0px&#8221; border_width_bottom_fields=&#8221;2px&#8221; disabled=&#8221;on&#8221; global_module=&#8221;626&#8243; saved_tabs=&#8221;all&#8221; locked=&#8221;off&#8221; global_colors_info=&#8221;{}&#8221;][\/et_pb_signup][\/et_pb_column][\/et_pb_row][\/et_pb_section]<\/p>\n","protected":false},"excerpt":{"rendered":"<p>Sphere &nbsp; CollectiveWer sind wir?Wir als Kollektiv verstehen uns als ein generations\u00fcbergreifendes, unterst\u00fctzendes und nicht-hierarchisches Netzwerk von vier Performer:innen, Choreograf:innen und K\u00f6rperarbeiter:innen. Die Zusammenarbeit begann mit der Vision zweier B\u00fchnenst\u00fccke, die ihre gemeinsame Premiere bei ZUKUNFT TANZT 2019, einem Tanzfestival f\u00fcr junge Choreograf:innen, feierten. Dieses gemeinsame Ziel und die gegenseitige Unterst\u00fctzung f\u00fchrten zur Gr\u00fcndung des [&hellip;]<\/p>\n","protected":false},"author":1,"featured_media":0,"parent":0,"menu_order":0,"comment_status":"closed","ping_status":"closed","template":"","meta":{"nf_dc_page":"","_et_pb_use_builder":"on","_et_pb_old_content":"<!-- wp:divi\/placeholder \/-->","_et_gb_content_width":"","footnotes":""},"class_list":["post-253","page","type-page","status-publish","hentry"],"yoast_head":"<!-- This site is optimized with the Yoast SEO plugin v27.4 - https:\/\/yoast.com\/product\/yoast-seo-wordpress\/ -->\n<title>Startseite - SPHERE<\/title>\n<meta name=\"robots\" content=\"index, follow, max-snippet:-1, max-image-preview:large, max-video-preview:-1\" \/>\n<link rel=\"canonical\" href=\"https:\/\/spherecollectiveberlin.com\/en\/\" \/>\n<meta property=\"og:locale\" content=\"en_US\" \/>\n<meta property=\"og:type\" content=\"article\" \/>\n<meta property=\"og:title\" content=\"Startseite - SPHERE\" \/>\n<meta property=\"og:description\" content=\"Sphere &nbsp; CollectiveWer sind wir?Wir als Kollektiv verstehen uns als ein generations\u00fcbergreifendes, unterst\u00fctzendes und nicht-hierarchisches Netzwerk von vier Performer:innen, Choreograf:innen und K\u00f6rperarbeiter:innen. Die Zusammenarbeit begann mit der Vision zweier B\u00fchnenst\u00fccke, die ihre gemeinsame Premiere bei ZUKUNFT TANZT 2019, einem Tanzfestival f\u00fcr junge Choreograf:innen, feierten. Dieses gemeinsame Ziel und die gegenseitige Unterst\u00fctzung f\u00fchrten zur Gr\u00fcndung des [&hellip;]\" \/>\n<meta property=\"og:url\" content=\"https:\/\/spherecollectiveberlin.com\/en\/\" \/>\n<meta property=\"og:site_name\" content=\"SPHERE\" \/>\n<meta property=\"article:modified_time\" content=\"2025-02-05T12:06:08+00:00\" \/>\n<meta name=\"twitter:card\" content=\"summary_large_image\" \/>\n<meta name=\"twitter:label1\" content=\"Est. reading time\" \/>\n\t<meta name=\"twitter:data1\" content=\"2 minutes\" \/>\n<script type=\"application\/ld+json\" class=\"yoast-schema-graph\">{\"@context\":\"https:\\\/\\\/schema.org\",\"@graph\":[{\"@type\":\"WebPage\",\"@id\":\"https:\\\/\\\/spherecollectiveberlin.com\\\/\",\"url\":\"https:\\\/\\\/spherecollectiveberlin.com\\\/\",\"name\":\"Startseite - SPHERE\",\"isPartOf\":{\"@id\":\"https:\\\/\\\/spherecollectiveberlin.com\\\/#website\"},\"datePublished\":\"2021-11-04T18:33:47+00:00\",\"dateModified\":\"2025-02-05T12:06:08+00:00\",\"breadcrumb\":{\"@id\":\"https:\\\/\\\/spherecollectiveberlin.com\\\/#breadcrumb\"},\"inLanguage\":\"en-US\",\"potentialAction\":[{\"@type\":\"ReadAction\",\"target\":[\"https:\\\/\\\/spherecollectiveberlin.com\\\/\"]}]},{\"@type\":\"BreadcrumbList\",\"@id\":\"https:\\\/\\\/spherecollectiveberlin.com\\\/#breadcrumb\",\"itemListElement\":[{\"@type\":\"ListItem\",\"position\":1,\"name\":\"Home\",\"item\":\"https:\\\/\\\/spherecollectiveberlin.com\\\/\"},{\"@type\":\"ListItem\",\"position\":2,\"name\":\"Startseite\"}]},{\"@type\":\"WebSite\",\"@id\":\"https:\\\/\\\/spherecollectiveberlin.com\\\/#website\",\"url\":\"https:\\\/\\\/spherecollectiveberlin.com\\\/\",\"name\":\"SPHERE\",\"description\":\"\",\"potentialAction\":[{\"@type\":\"SearchAction\",\"target\":{\"@type\":\"EntryPoint\",\"urlTemplate\":\"https:\\\/\\\/spherecollectiveberlin.com\\\/?s={search_term_string}\"},\"query-input\":{\"@type\":\"PropertyValueSpecification\",\"valueRequired\":true,\"valueName\":\"search_term_string\"}}],\"inLanguage\":\"en-US\"}]}<\/script>\n<!-- \/ Yoast SEO plugin. -->","yoast_head_json":{"title":"Startseite - SPHERE","robots":{"index":"index","follow":"follow","max-snippet":"max-snippet:-1","max-image-preview":"max-image-preview:large","max-video-preview":"max-video-preview:-1"},"canonical":"https:\/\/spherecollectiveberlin.com\/en\/","og_locale":"en_US","og_type":"article","og_title":"Startseite - SPHERE","og_description":"Sphere &nbsp; CollectiveWer sind wir?Wir als Kollektiv verstehen uns als ein generations\u00fcbergreifendes, unterst\u00fctzendes und nicht-hierarchisches Netzwerk von vier Performer:innen, Choreograf:innen und K\u00f6rperarbeiter:innen. Die Zusammenarbeit begann mit der Vision zweier B\u00fchnenst\u00fccke, die ihre gemeinsame Premiere bei ZUKUNFT TANZT 2019, einem Tanzfestival f\u00fcr junge Choreograf:innen, feierten. Dieses gemeinsame Ziel und die gegenseitige Unterst\u00fctzung f\u00fchrten zur Gr\u00fcndung des [&hellip;]","og_url":"https:\/\/spherecollectiveberlin.com\/en\/","og_site_name":"SPHERE","article_modified_time":"2025-02-05T12:06:08+00:00","twitter_card":"summary_large_image","twitter_misc":{"Est. reading time":"2 minutes"},"schema":{"@context":"https:\/\/schema.org","@graph":[{"@type":"WebPage","@id":"https:\/\/spherecollectiveberlin.com\/","url":"https:\/\/spherecollectiveberlin.com\/","name":"Startseite - SPHERE","isPartOf":{"@id":"https:\/\/spherecollectiveberlin.com\/#website"},"datePublished":"2021-11-04T18:33:47+00:00","dateModified":"2025-02-05T12:06:08+00:00","breadcrumb":{"@id":"https:\/\/spherecollectiveberlin.com\/#breadcrumb"},"inLanguage":"en-US","potentialAction":[{"@type":"ReadAction","target":["https:\/\/spherecollectiveberlin.com\/"]}]},{"@type":"BreadcrumbList","@id":"https:\/\/spherecollectiveberlin.com\/#breadcrumb","itemListElement":[{"@type":"ListItem","position":1,"name":"Home","item":"https:\/\/spherecollectiveberlin.com\/"},{"@type":"ListItem","position":2,"name":"Startseite"}]},{"@type":"WebSite","@id":"https:\/\/spherecollectiveberlin.com\/#website","url":"https:\/\/spherecollectiveberlin.com\/","name":"SPHERE","description":"","potentialAction":[{"@type":"SearchAction","target":{"@type":"EntryPoint","urlTemplate":"https:\/\/spherecollectiveberlin.com\/?s={search_term_string}"},"query-input":{"@type":"PropertyValueSpecification","valueRequired":true,"valueName":"search_term_string"}}],"inLanguage":"en-US"}]}},"jetpack_sharing_enabled":true,"_links":{"self":[{"href":"https:\/\/spherecollectiveberlin.com\/en\/wp-json\/wp\/v2\/pages\/253","targetHints":{"allow":["GET"]}}],"collection":[{"href":"https:\/\/spherecollectiveberlin.com\/en\/wp-json\/wp\/v2\/pages"}],"about":[{"href":"https:\/\/spherecollectiveberlin.com\/en\/wp-json\/wp\/v2\/types\/page"}],"author":[{"embeddable":true,"href":"https:\/\/spherecollectiveberlin.com\/en\/wp-json\/wp\/v2\/users\/1"}],"replies":[{"embeddable":true,"href":"https:\/\/spherecollectiveberlin.com\/en\/wp-json\/wp\/v2\/comments?post=253"}],"version-history":[{"count":5,"href":"https:\/\/spherecollectiveberlin.com\/en\/wp-json\/wp\/v2\/pages\/253\/revisions"}],"predecessor-version":[{"id":757,"href":"https:\/\/spherecollectiveberlin.com\/en\/wp-json\/wp\/v2\/pages\/253\/revisions\/757"}],"wp:attachment":[{"href":"https:\/\/spherecollectiveberlin.com\/en\/wp-json\/wp\/v2\/media?parent=253"}],"curies":[{"name":"wp","href":"https:\/\/api.w.org\/{rel}","templated":true}]}}